
{"id":1453,"date":"2021-10-11T14:32:00","date_gmt":"2021-10-11T14:32:00","guid":{"rendered":"https:\/\/www.lafil.com\/concerti\/lafil-musica-nei-quartieri\/"},"modified":"2021-11-22T15:58:28","modified_gmt":"2021-11-22T15:58:28","slug":"lafil-musica-nei-quartieri","status":"publish","type":"concerti","link":"\/en\/concerti\/lafil-musica-nei-quartieri\/","title":{"rendered":"LaFil \/ Musica nei Quartieri"},"content":{"rendered":"\n<figure class=\"wp-block-image size-large\"><img loading=\"lazy\" width=\"1110\" height=\"180\" src=\"\/wp-content\/uploads\/2021\/10\/staging-lafil-com_image004.gif\" alt=\"\" class=\"wp-image-1379\"\/><\/figure>\n\n\n\n<p><strong>LaFil &#8211; Filarmonica di Milano will be in the Bisceglie, Barona, Lorenteggio and Giambellino neighborhoods November 11th to 18th<\/strong><\/p>\n\n\n\n<p><strong>\u201cMusica nei quartieri\u201d<\/strong> \u00e8 il nuovo progetto di LaFil \u2013 Filarmonica di Milano attraverso il quale, a partire da quest&#8217;anno, saremo <strong>in tour ogni anno nei diversi Municipi della citt\u00e0 di Milano <\/strong>con l\u2019obiettivo di abitare i quartieri con la musica, convinti che la cultura abbia il potere di renderli centri di partecipazione e di arricchimento collettivo.<\/p>\n\n\n\n<p>Partiamo dai quartieri di <strong>Bisceglie, Barona, Lorenteggio e Giambellino<\/strong>, dove <strong>dall&#8217;11 al 18 novembre<\/strong> porteremo <strong>musica e cultura<\/strong> in ogni spazio possibile: Teatro Puntozero Beccaria, ma anche Teatro Barrio\u2019s, Biblioteca Lorenteggio, Biblioteca Sant\u2019Ambrogio, Comunit\u00e0 Nuova: saranno questi i luoghi del quartiere che ospiteranno conferenze, eventi, concerti e prove aperte dei diversi organici dell\u2019orchestra, in formazione di quartetti, trii e duetti per adattarsi al meglio agli spazi proposti.<\/p>\n\n\n\n<p>Il <strong>Teatro Puntozero Beccaria<\/strong> sar\u00e0 la nostra &#8220;casa artistica&#8221; per gli otto giorni di attivit\u00e0 e dove suoneremo il grande <strong>concerto conclusivo<\/strong> in collaborazione con <strong>Bookcity Milano 2021<\/strong>.&nbsp;<\/p>\n\n\n\n<p>Tutte le attivit\u00e0 in programma saranno a <strong>ingresso gratuito e accessibili a tutti<\/strong>, a partire dalle prove d\u2019orchestra aperte al pubblico.&nbsp; &nbsp;<\/p>\n\n\n\n<figure class=\"wp-block-pullquote alignleft is-style-default\"><blockquote><p>&#8220;<em>Con LaFil vogliamo abitare i quartieri di Milano con la musica, per favorire e rafforzare ancora di pi\u00f9 la vita sociale e culturale della nostra citt\u00e0. Vogliamo dare la possibilit\u00e0 a ogni persona che ci abita di ascoltare&nbsp;musica dal vivo riempiendo di suoni ogni spazio possibile: biblioteche, scuole, Rsa, strade, piazze,&nbsp; parchi e teatri\u201d.&nbsp;<\/em><\/p><cite>Marco seco &#8211; coordinatore artistico<\/cite><\/blockquote><\/figure>\n\n\n\n<h1><\/h1>\n\n\n\n<figure class=\"wp-block-image size-large\"><img loading=\"lazy\" width=\"1110\" height=\"180\" src=\"\/wp-content\/uploads\/2021\/10\/staging-lafil-com_image004-1.gif\" alt=\"\" class=\"wp-image-1390\"\/><\/figure>\n\n\n\n<h1>Beethoven non si era mai spinto fino a Bisceglie. E tu?<\/h1>\n\n\n\n<h2>11 NOVEMBRE<\/h2>\n\n\n\n<ul><li><strong>19:00 Incontro &#8220;Dialoghi con la Musica&#8221;: Musica e Sport, Teatro Barrio&#8217;s <\/strong><br>Luca Ciammarughi, conduttore<br>Valentina Marchei, Campionessa Italiana pattinaggio artistico<br>Veronica Yoko Plebani, Campionessa paralimpica di triathlon Tokyo 2020<br>Lorenzo Scilla, musicista LaFil<br><br><strong>Intervento musicale<\/strong><br><em>Lorenzo Scilla, Flauto<\/em><br>Musiche di Sergej Prokofiev<br><br><strong>Teatro Barrio&#8217;s<br><\/strong>Piazza Donne Partigiane (via Barona ang. via Boffalora), Milano <br> <br> <\/li><\/ul>\n\n\n\n<h2>12 NOVEMBRE<\/h2>\n\n\n\n<ul><li><strong>19:00 Ti racconto Musica &#8211; Concerto da camera, quartetto archi LaFil, Teatro Barrio&#8217;s<\/strong><br><br>Marco Seco &#8211; Introduzione all&#8217;ascolto<br><em>Ruben Giuliani, violino<br>Samuele Bianchi violino<br>Milos Rakic, Viola<br>Umberto Aleandri, Violoncello<\/em><br><br>Musiche di Ludwig van Beethoven<br><br><strong>Teatro Barrio&#8217;s<br><\/strong>Piazza Donne Partigiane (via Barona ang. via Boffalora), Milano <br> <br> <\/li><\/ul>\n\n\n\n<h2>13 NOVEMBRE<\/h2>\n\n\n\n<ul><li><strong>11:30 <strong>Ti racconto Musica &#8211; Concerto da camera, quartetto archi LaFil, Associazione Comunit\u00e0 Nuova<\/strong><\/strong><br><br>Marco Seco &#8211; Introduzione all&#8217;ascolto<br><br><em>Ruben Giuliani, violino<br>Samuele Bianchi, violino<br>Milos Rakic, Viola<br>Umberto Aleandri, Violoncello<br><\/em><br>Musiche di Ludwig van Beethoven<br><br><strong>Associazione Comunit\u00e0 Nuova<br><\/strong>Via Luigi Mengoni 3, Milano <br><\/li><li><strong>16:00 <strong>Ti racconto Musica &#8211; Concerto da camera, quartetto archi LaFil, Biblioteca Lorenteggio<\/strong><\/strong><br><br>Marco Seco, introduzione all&#8217;ascolto<br><em>Ruben Giuliani e Samuele Bianchi, violino<br>Milos Rakic, Viola<br>Umberto Aleandri, Violoncello<\/em><br><br>Musiche di Ludwig van Beethoven<em><br><\/em><br><strong>Biblioteca Lorenteggio<\/strong><br>Via Odazio 9, Milano<br> <br><\/li><\/ul>\n\n\n\n<h2>15 NOVEMBRE<\/h2>\n\n\n\n<ul><li><strong>19:00 Dialoghi con la Musica: Musica e Letteratura, Biblioteca Sant&#8217;Ambrogio<br><\/strong><br>Luca Ciammarughi, conduttore<br>Enrico Merlin, ospite<br>Luca Formenton, LaFil<br><br><strong>Biblioteca Sant&#8217;Ambrogio<\/strong><br>Via S. Paolino, 18, 20142 Milano<br> <\/li><\/ul>\n\n\n\n<h2>16 NOVEMBRE<\/h2>\n\n\n\n<ul><li><strong>10:00-16:30 Prove orchestra aperte al pubblico, Teatro PuntoZero <strong>Beccaria<\/strong><br><\/strong>Via dei Calchi Taeggi 20, 20152 Milano<br> <br> <\/li><\/ul>\n\n\n\n<h2>17 NOVEMBRE<\/h2>\n\n\n\n<ul><li><strong>10:00-16:30 Prove orchestra aperte al pubblico, Teatro PuntoZero <strong>Beccaria<\/strong><br><\/strong>Via dei Calchi Taeggi 20, 20152 Milano<br><\/li><li><strong>19:00 Dialoghi con la Musica: Teatro e Musica, Teatro PuntoZero <strong>Beccaria<\/strong><\/strong><br><br><em>Luca Ciammarughi, conduttore<br>Giancarlo Dettori, ospite<br>Franca Nuti, ospite<br>Natalino Ricciardo, Musicista LaFil<\/em><br><br><strong>Intervento musicale<\/strong><br><em>Natalino Ricciardo, corno<br>Lidia Parazzoli, pianoforte<br><\/em><br><strong>Teatro Barrio&#8217;s<br><\/strong>Via dei Calchi Taeggi 20, 20152 Milano<br><br> <br> <\/li><\/ul>\n\n\n\n<h2>18 NOVEMBRE<\/h2>\n\n\n\n<ul><li><strong>19:00 Dialoghi con la Musica: Introduzione all&#8217;ascolto del concerto<\/strong>, <strong>Teatro PuntoZero <strong>Beccaria<\/strong><\/strong><br><br>Luca Ciammarughi, conduttore<br>St\u00e9phanie Praduroux, ospite<br><\/li><li><strong>21:00 Concerto per Bookcity, Teatro PuntoZero <strong>Beccaria<\/strong><br><\/strong><a data-internal-link=\"true\" data-href=\"\/concerti\/webern-prokofiev-beethoven\/\">Clicca qui per informazioni e dettagli <\/a><br><br><strong>Teatro Puntozero Beccaria<\/strong><br>Via dei Calchi Taeggi 20, 20152 Milano<br><br> <\/li><\/ul>\n\n\n\n<p><strong>Tutte le attivit\u00e0 sono ad ingresso libero fino ad esaurimento dei post<\/strong>i. <strong>L\u2019accesso agli eventi sar\u00e0 possibile solo con Certificazione Verde COVID 19 (denominata Green Pass) valida. Sar\u00e0 necessario indossare correttamente la mascherina per tutta la durata degli eventi.<\/strong><\/p>\n\n\n\n<hr class=\"wp-block-separator\"\/>\n\n\n\n<p class=\"has-small-font-size\"><strong><strong>In collaborazione con: <\/strong><\/strong>Comune di Milano, Bookcity Milano<strong><br><strong><meta charset=\"utf-8\"><strong><strong>Con il contributo di:<\/strong> <\/strong><\/strong><\/strong>Fondazione Comunit\u00e0 Milano #Bando57<strong><strong><br><strong>Sponsor: <\/strong><\/strong><\/strong>Il Saggiatore, <meta charset=\"utf-8\">ADVANT Nctm, AMMLEX Amministrativisti Associati, GattiPavesiBianchiLudovici, Legance Avvocati Associati;<strong><strong><strong><br><strong>Sponsor tecnico: <\/strong><\/strong><\/strong><\/strong>Fotolito Thierry Galli<strong><strong><strong><br><strong>Con il patrocinio di: <\/strong><\/strong><\/strong><\/strong>Ordine degli Avvocati<strong><strong><strong><br><strong>Media Partnership:<\/strong><\/strong> <\/strong><\/strong>Legal Community<strong><strong><strong><br><\/strong><\/strong><\/strong>Teatro Puntozero Beccaria<\/p>\n\n\n\n<figure class=\"wp-block-image size-large is-resized\"><img loading=\"lazy\" src=\"\/wp-content\/uploads\/2021\/11\/www-lafil-com_LAFIL_striscia-loghi_02-1400x143.jpg\" alt=\"\" class=\"wp-image-1486\" width=\"1447\" height=\"147\"\/><\/figure>\n","protected":false},"featured_media":0,"template":"","progetti":[40],"better_featured_image":null,"acf":{"archive":true,"subtitle":"","date":"11.11.2021","time":"","city":"Milano","location":"Municipio 6","address":"","attributes":[{"label":"11-18 Novembre 2021","value":""}],"gallery":false,"musicians":false},"yoast_head":"<!-- This site is optimized with the Yoast SEO plugin v20.6 - https:\/\/yoast.com\/wordpress\/plugins\/seo\/ -->\n<title>LaFil \/ Musica nei Quartieri - www.lafil.com<\/title>\n<meta name=\"robots\" content=\"index, follow, max-snippet:-1, max-image-preview:large, max-video-preview:-1\" \/>\n<link rel=\"canonical\" href=\"\/en\/concerti\/lafil-musica-nei-quartieri\/\" \/>\n<meta property=\"og:locale\" content=\"en_US\" \/>\n<meta property=\"og:type\" content=\"article\" \/>\n<meta property=\"og:title\" content=\"LaFil \/ Musica nei Quartieri - www.lafil.com\" \/>\n<meta property=\"og:description\" content=\"LaFil &#8211; Filarmonica di Milano will be in the Bisceglie, Barona, Lorenteggio and Giambellino neighborhoods November 11th to 18th \u201cMusica nei quartieri\u201d \u00e8 il nuovo progetto di LaFil \u2013 Filarmonica di Milano attraverso il quale, a partire da quest&#8217;anno, saremo in tour ogni anno nei diversi Municipi della citt\u00e0 di Milano con l\u2019obiettivo di abitare [&hellip;]\" \/>\n<meta property=\"og:url\" content=\"\/en\/concerti\/lafil-musica-nei-quartieri\/\" \/>\n<meta property=\"og:site_name\" content=\"www.lafil.com\" \/>\n<meta property=\"article:publisher\" content=\"https:\/\/www.facebook.com\/lafilarmonicadimilano\" \/>\n<meta property=\"article:modified_time\" content=\"2021-11-22T15:58:28+00:00\" \/>\n<meta property=\"og:image\" content=\"https:\/\/www.lafil.com\/wp-content\/uploads\/2020\/06\/www-lafil-com_homepage__66A5738.jpg\" \/>\n\t<meta property=\"og:image:width\" content=\"2000\" \/>\n\t<meta property=\"og:image:height\" content=\"1333\" \/>\n\t<meta property=\"og:image:type\" content=\"image\/jpeg\" \/>\n<meta name=\"twitter:card\" content=\"summary_large_image\" \/>\n<meta name=\"twitter:label1\" content=\"Est. reading time\" \/>\n\t<meta name=\"twitter:data1\" content=\"3 minutes\" \/>\n<script type=\"application\/ld+json\" class=\"yoast-schema-graph\">{\"@context\":\"https:\/\/schema.org\",\"@graph\":[{\"@type\":\"WebPage\",\"@id\":\"\/en\/concerti\/lafil-musica-nei-quartieri\/\",\"url\":\"\/en\/concerti\/lafil-musica-nei-quartieri\/\",\"name\":\"LaFil \/ Musica nei Quartieri - www.lafil.com\",\"isPartOf\":{\"@id\":\"https:\/\/www.lafil.com\/#website\"},\"datePublished\":\"2021-10-11T14:32:00+00:00\",\"dateModified\":\"2021-11-22T15:58:28+00:00\",\"breadcrumb\":{\"@id\":\"\/en\/concerti\/lafil-musica-nei-quartieri\/#breadcrumb\"},\"inLanguage\":\"en-US\",\"potentialAction\":[{\"@type\":\"ReadAction\",\"target\":[\"\/en\/concerti\/lafil-musica-nei-quartieri\/\"]}]},{\"@type\":\"BreadcrumbList\",\"@id\":\"\/en\/concerti\/lafil-musica-nei-quartieri\/#breadcrumb\",\"itemListElement\":[{\"@type\":\"ListItem\",\"position\":1,\"name\":\"Home\",\"item\":\"\/en\/homepage\/\"},{\"@type\":\"ListItem\",\"position\":2,\"name\":\"Concerti\",\"item\":\"https:\/\/www.lafil.com\/concerti\/\"},{\"@type\":\"ListItem\",\"position\":3,\"name\":\"LaFil \/ Musica nei Quartieri\"}]},{\"@type\":\"WebSite\",\"@id\":\"https:\/\/www.lafil.com\/#website\",\"url\":\"https:\/\/www.lafil.com\/\",\"name\":\"www.lafil.com\",\"description\":\"La Fil \u00b7 Filarmonica di Milano\",\"publisher\":{\"@id\":\"https:\/\/www.lafil.com\/#organization\"},\"potentialAction\":[{\"@type\":\"SearchAction\",\"target\":{\"@type\":\"EntryPoint\",\"urlTemplate\":\"https:\/\/www.lafil.com\/?s={search_term_string}\"},\"query-input\":\"required name=search_term_string\"}],\"inLanguage\":\"en-US\"},{\"@type\":\"Organization\",\"@id\":\"https:\/\/www.lafil.com\/#organization\",\"name\":\"La Fil\",\"url\":\"https:\/\/www.lafil.com\/\",\"logo\":{\"@type\":\"ImageObject\",\"inLanguage\":\"en-US\",\"@id\":\"https:\/\/www.lafil.com\/#\/schema\/logo\/image\/\",\"url\":\"https:\/\/www.lafil.com\/wp-content\/uploads\/2020\/07\/www-lafil-com_fan_Favicon.png\",\"contentUrl\":\"https:\/\/www.lafil.com\/wp-content\/uploads\/2020\/07\/www-lafil-com_fan_Favicon.png\",\"width\":512,\"height\":512,\"caption\":\"La Fil\"},\"image\":{\"@id\":\"https:\/\/www.lafil.com\/#\/schema\/logo\/image\/\"},\"sameAs\":[\"https:\/\/www.facebook.com\/lafilarmonicadimilano\",\"https:\/\/www.instagram.com\/lafil_filarmonicadimilano\/?hl=it\"]}]}<\/script>\n<!-- \/ Yoast SEO plugin. -->","yoast_head_json":{"title":"LaFil \/ Musica nei Quartieri - www.lafil.com","robots":{"index":"index","follow":"follow","max-snippet":"max-snippet:-1","max-image-preview":"max-image-preview:large","max-video-preview":"max-video-preview:-1"},"canonical":"\/en\/concerti\/lafil-musica-nei-quartieri\/","og_locale":"en_US","og_type":"article","og_title":"LaFil \/ Musica nei Quartieri - www.lafil.com","og_description":"LaFil &#8211; Filarmonica di Milano will be in the Bisceglie, Barona, Lorenteggio and Giambellino neighborhoods November 11th to 18th \u201cMusica nei quartieri\u201d \u00e8 il nuovo progetto di LaFil \u2013 Filarmonica di Milano attraverso il quale, a partire da quest&#8217;anno, saremo in tour ogni anno nei diversi Municipi della citt\u00e0 di Milano con l\u2019obiettivo di abitare [&hellip;]","og_url":"\/en\/concerti\/lafil-musica-nei-quartieri\/","og_site_name":"www.lafil.com","article_publisher":"https:\/\/www.facebook.com\/lafilarmonicadimilano","article_modified_time":"2021-11-22T15:58:28+00:00","og_image":[{"width":2000,"height":1333,"url":"https:\/\/www.lafil.com\/wp-content\/uploads\/2020\/06\/www-lafil-com_homepage__66A5738.jpg","type":"image\/jpeg"}],"twitter_card":"summary_large_image","twitter_misc":{"Est. reading time":"3 minutes"},"schema":{"@context":"https:\/\/schema.org","@graph":[{"@type":"WebPage","@id":"\/en\/concerti\/lafil-musica-nei-quartieri\/","url":"\/en\/concerti\/lafil-musica-nei-quartieri\/","name":"LaFil \/ Musica nei Quartieri - www.lafil.com","isPartOf":{"@id":"https:\/\/www.lafil.com\/#website"},"datePublished":"2021-10-11T14:32:00+00:00","dateModified":"2021-11-22T15:58:28+00:00","breadcrumb":{"@id":"\/en\/concerti\/lafil-musica-nei-quartieri\/#breadcrumb"},"inLanguage":"en-US","potentialAction":[{"@type":"ReadAction","target":["\/en\/concerti\/lafil-musica-nei-quartieri\/"]}]},{"@type":"BreadcrumbList","@id":"\/en\/concerti\/lafil-musica-nei-quartieri\/#breadcrumb","itemListElement":[{"@type":"ListItem","position":1,"name":"Home","item":"\/en\/homepage\/"},{"@type":"ListItem","position":2,"name":"Concerti","item":"https:\/\/www.lafil.com\/concerti\/"},{"@type":"ListItem","position":3,"name":"LaFil \/ Musica nei Quartieri"}]},{"@type":"WebSite","@id":"https:\/\/www.lafil.com\/#website","url":"https:\/\/www.lafil.com\/","name":"www.lafil.com","description":"La Fil \u00b7 Filarmonica di Milano","publisher":{"@id":"https:\/\/www.lafil.com\/#organization"},"potentialAction":[{"@type":"SearchAction","target":{"@type":"EntryPoint","urlTemplate":"https:\/\/www.lafil.com\/?s={search_term_string}"},"query-input":"required name=search_term_string"}],"inLanguage":"en-US"},{"@type":"Organization","@id":"https:\/\/www.lafil.com\/#organization","name":"La Fil","url":"https:\/\/www.lafil.com\/","logo":{"@type":"ImageObject","inLanguage":"en-US","@id":"https:\/\/www.lafil.com\/#\/schema\/logo\/image\/","url":"https:\/\/www.lafil.com\/wp-content\/uploads\/2020\/07\/www-lafil-com_fan_Favicon.png","contentUrl":"https:\/\/www.lafil.com\/wp-content\/uploads\/2020\/07\/www-lafil-com_fan_Favicon.png","width":512,"height":512,"caption":"La Fil"},"image":{"@id":"https:\/\/www.lafil.com\/#\/schema\/logo\/image\/"},"sameAs":["https:\/\/www.facebook.com\/lafilarmonicadimilano","https:\/\/www.instagram.com\/lafil_filarmonicadimilano\/?hl=it"]}]}},"pure_taxonomies":{"progetti":[{"term_id":40,"name":"Musica nei Quartieri","slug":"musica-nei-quartieri-en","term_group":0,"term_taxonomy_id":40,"taxonomy":"progetti","description":"","parent":0,"count":2,"filter":"raw"}]},"wpml_current_locale":"en_US","wpml_translations":[{"locale":"it","id":1230,"post_title":"LaFil \/ Musica nei Quartieri 2021","href":"\/concerti\/lafil-musica-nei-quartieri\/"}],"_links":{"self":[{"href":"\/en\/wp-json\/wp\/v2\/concerti\/1453"}],"collection":[{"href":"\/en\/wp-json\/wp\/v2\/concerti"}],"about":[{"href":"\/en\/wp-json\/wp\/v2\/types\/concerti"}],"version-history":[{"count":5,"href":"\/en\/wp-json\/wp\/v2\/concerti\/1453\/revisions"}],"predecessor-version":[{"id":1497,"href":"\/en\/wp-json\/wp\/v2\/concerti\/1453\/revisions\/1497"}],"wp:attachment":[{"href":"\/en\/wp-json\/wp\/v2\/media?parent=1453"}],"wp:term":[{"taxonomy":"progetti","embeddable":true,"href":"\/en\/wp-json\/wp\/v2\/progetti?post=1453"}],"curies":[{"name":"wp","href":"https:\/\/api.w.org\/{rel}","templated":true}]}}